{"id":327,"date":"2023-08-14T11:35:37","date_gmt":"2023-08-14T11:35:37","guid":{"rendered":"https:\/\/mulherescomimpacto.com\/?page_id=327"},"modified":"2024-02-09T11:36:51","modified_gmt":"2024-02-09T11:36:51","slug":"rio-de-janeiro","status":"publish","type":"page","link":"https:\/\/mulherescomimpacto.com\/es\/rio-de-janeiro\/","title":{"rendered":"Rio de Janeiro"},"content":{"rendered":"\n<section class=\"home-hero\">\n    <div class=\"container\">\n    <div class=\"row\">\n        <div class=\"col-xl-7 pe-xl-0\">\n            <h2 class=\"home-hero__title title mb-4 mb-xl-2\">Recursos de apoyo para el emprendimiento femenino en R\u00edo de Janeiro<\/h2>\n        <\/div>\n\n        <div class=\"col-xl-5 ms-xl-auto\">\n            <p class=\"home-hero__caption caption mb-4\">R\u00edo de Janeiro, como una de las grandes ciudades de referencia para el emprendimiento en Brasil, en 2021 ingres\u00f3 al Top 100 de ecosistemas emergentes seg\u00fan el Informe Global de Ecosistemas de Startups 2021, ocupando el ranking entre el 81\u00ba y el 90\u00ba lugar.<\/p>\n                    <\/div>\n    <\/div>\n\n    <div class=\"home-hero__img\" aria-hidden=\"true\"><\/div><\/div>\n<\/section>\n\n<section class=\"recursos mt-0\" style=\"--bg-color: var(--light-brown-color);\">\n    <div class=\"container\">\n        <div class=\"row gx-0\">\n            <div class=\"recursos__content col-lg-6 col-xl-4\">\n                <div class=\"vstack h-100\">\n                    <h2 class=\"recursos__title title p-0\">Educaci\u00f3n y formaci\u00f3n:<\/h2>\n                    <p class=\"recursos__caption caption\">Recursos espec\u00edficos y programas relevantes que brindan formaci\u00f3n, educaci\u00f3n y capacitaci\u00f3n para mujeres emprendedoras y sus ideas, negocios y proyectos en etapas iniciales.<\/p>\n                <\/div>\n            <\/div>\n            \n                                    <div class=\"col-lg-6 col-xl-4\">\n                <a class=\"recursos__item h-100\" href=\"https:\/\/www.cursosrme.net.br\/projeto\/ela-pode\/\" target=\"blank\" title=\"Ela Pode\">\n                    <div class=\"recursos__item-header\">\n                        <img decoding=\"async\" src=\"https:\/\/mulherescomimpacto.com\/wp-content\/uploads\/2023\/10\/luxa.org-grayscale-Conteudos-Ela-Pode2023-3.png\" alt=\"Ela Pode\" loading=\"lazy\">\n                    <\/div>\n                    <h3 class=\"text-uppercase my-4\">Ela Pode<\/h3>\n                    <div class=\"caption\">\n                        Programa enfocado en la capacitaci\u00f3n a trav\u00e9s de cursos gratuitos centrados en el desarrollo de habilidades socioemocionales esenciales para el \u00e9xito de la mujer emprendedora.                    <\/div>\n                <\/a>\n            <\/div>\n                                    <div class=\"col-lg-6 col-xl-4\">\n                <a class=\"recursos__item h-100\" href=\"https:\/\/www.visa.com.br\/our-purpose\/programa-elas-prosperam.html\" target=\"blank\" title=\"Elas Prosperam\">\n                    <div class=\"recursos__item-header\">\n                        <img decoding=\"async\" src=\"https:\/\/mulherescomimpacto.com\/wp-content\/uploads\/2023\/10\/luxa.org-grayscale-Imagem-divulgacao-Elas-Prosperam-RME-750x200-1.jpeg\" alt=\"Elas Prosperam\" loading=\"lazy\">\n                    <\/div>\n                    <h3 class=\"text-uppercase my-4\">Elas Prosperam<\/h3>\n                    <div class=\"caption\">\n                        Programa de mentor\u00eda y educaci\u00f3n empresarial con jornadas de capacitaci\u00f3n para mujeres emprendedoras.                    <\/div>\n                <\/a>\n            <\/div>\n                                    <div class=\"col-lg-6 col-xl-4\">\n                <a class=\"recursos__item h-100\" href=\"https:\/\/sites.rj.sebrae.com.br\/inscricao\/programa-empreenda-como-uma-mulher\" target=\"blank\" title=\"Empreenda Como Uma Mulher\">\n                    <div class=\"recursos__item-header\">\n                        <img decoding=\"async\" src=\"https:\/\/mulherescomimpacto.com\/wp-content\/uploads\/2023\/10\/logo-empreenda-como-uma-mulher-coca-cola-2.png\" alt=\"Empreenda Como Uma Mulher\" loading=\"lazy\">\n                    <\/div>\n                    <h3 class=\"text-uppercase my-4\">Empreenda Como Uma Mulher<\/h3>\n                    <div class=\"caption\">\n                        Programa de impacto social para emprendedoras del segmento de alimentaci\u00f3n fuera del hogar, que tiene como prop\u00f3sito inspirar, capacitar y apoyar a los peque\u00f1os negocios. &#8211; Sebrae &#038; Coca-Cola                    <\/div>\n                <\/a>\n            <\/div>\n                                    <div class=\"col-lg-6 col-xl-4\">\n                <a class=\"recursos__item h-100\" href=\"https:\/\/www.caixa.gov.br\/educacao-financeira\/voce\/Paginas\/default.aspx\" target=\"blank\" title=\"Empreendedorismo Pra Elas\">\n                    <div class=\"recursos__item-header\">\n                        <img decoding=\"async\" src=\"https:\/\/mulherescomimpacto.com\/wp-content\/uploads\/2023\/10\/transferir-7-1.png\" alt=\"Empreendedorismo Pra Elas\" loading=\"lazy\">\n                    <\/div>\n                    <h3 class=\"text-uppercase my-4\">Empreendedorismo Pra Elas<\/h3>\n                    <div class=\"caption\">\n                        Recursos de videos sobre educaci\u00f3n financiera y emprendimiento &#8211; CAIXA                    <\/div>\n                <\/a>\n            <\/div>\n                                    <div class=\"col-lg-6 col-xl-4\">\n                <a class=\"recursos__item h-100\" href=\"https:\/\/mulheresdefavela.cufa.org.br\/\" target=\"blank\" title=\"Mulheres de Favela\">\n                    <div class=\"recursos__item-header\">\n                        <img decoding=\"async\" src=\"https:\/\/mulherescomimpacto.com\/wp-content\/uploads\/2023\/10\/logo-mulhere-de-favela-1052x525-1-2.png\" alt=\"Mulheres de Favela\" loading=\"lazy\">\n                    <\/div>\n                    <h3 class=\"text-uppercase my-4\">Mulheres de Favela<\/h3>\n                    <div class=\"caption\">\n                        Programa de Emprendimiento Femenino en Territorios Vulnerables &#8211; Caixa Econ\u00f4mica &#038; Impact Hub Brasil.                    <\/div>\n                <\/a>\n            <\/div>\n                    <\/div>\n    <\/div>\n<\/section>\n\n\n<section class=\"recursos mt-0\" style=\"--bg-color: var(--yellow-color);\">\n    <div class=\"container\">\n        <div class=\"row gx-0\">\n            <div class=\"recursos__content col-lg-6 col-xl-4\">\n                <div class=\"vstack h-100\">\n                    <h2 class=\"recursos__title title p-0\">Financiamiento:<\/h2>\n                    <p class=\"recursos__caption caption\">Recursos espec\u00edficos de programas de inversi\u00f3n y fondos dirigidos a negocios y proyectos emprendedores en diversas \u00e1reas de intervenci\u00f3n.<\/p>\n                <\/div>\n            <\/div>\n            \n                                    <div class=\"col-lg-6 col-xl-4\">\n                <a class=\"recursos__item h-100\" href=\"https:\/\/www.sebrae-sc.com.br\/blog\/credito-para-mulheres-empreendedoras\" target=\"blank\" title=\"Programa de Cr\u00e9dito Mulher Empreendedora\">\n                    <div class=\"recursos__item-header\">\n                        <img decoding=\"async\" src=\"https:\/\/mulherescomimpacto.com\/wp-content\/uploads\/2023\/10\/Sebrae.svg-2.png\" alt=\"Programa de Cr\u00e9dito Mulher Empreendedora\" loading=\"lazy\">\n                    <\/div>\n                    <h3 class=\"text-uppercase my-4\">Programa de Cr\u00e9dito Mulher Empreendedora<\/h3>\n                    <div class=\"caption\">\n                        Programa en el cual las mujeres pueden recibir cr\u00e9dito de hasta 2 mil reales. Para las microempresarias individuales, el monto es de hasta 5 mil reales &#8211; Sebrae\/RJ                    <\/div>\n                <\/a>\n            <\/div>\n                                    <div class=\"col-lg-6 col-xl-4\">\n                <a class=\"recursos__item h-100\" href=\"https:\/\/www.caixa.gov.br\/voce\/cartoes\/credito\/caixa-pra-elas\/Paginas\/default.aspx\" target=\"blank\" title=\"Caixa Pra Elas\">\n                    <div class=\"recursos__item-header\">\n                        <img decoding=\"async\" src=\"https:\/\/mulherescomimpacto.com\/wp-content\/uploads\/2023\/10\/transferir-7-1.png\" alt=\"Caixa Pra Elas\" loading=\"lazy\">\n                    <\/div>\n                    <h3 class=\"text-uppercase my-4\">Caixa Pra Elas<\/h3>\n                    <div class=\"caption\">\n                        Programa de apoyo al emprendimiento femenino para ayudar a mejorar y expandir su negocio. &#8211; Caixa                    <\/div>\n                <\/a>\n            <\/div>\n                        <div class=\"col-lg-6 col-xl-4 d-none d-xl-block\" aria-hidden=\"true\"><\/div>            <div class=\"col-lg-6 col-xl-4\">\n                <a class=\"recursos__item h-100\" href=\"https:\/\/www.facebook.com\/fundodonademim\/about_contact_and_basic_info\" target=\"blank\" title=\"Fundo Dona de Mim\">\n                    <div class=\"recursos__item-header\">\n                        <img decoding=\"async\" src=\"https:\/\/mulherescomimpacto.com\/wp-content\/uploads\/2023\/10\/Fundo-dona-de-mim-2.png\" alt=\"Fundo Dona de Mim\" loading=\"lazy\">\n                    <\/div>\n                    <h3 class=\"text-uppercase my-4\">Fundo Dona de Mim<\/h3>\n                    <div class=\"caption\">\n                        Cualquier mujer que est\u00e9 registrada como Microemprendedora Individual (MEI) puede solicitar el microcr\u00e9dito a trav\u00e9s del sitio web.                    <\/div>\n                <\/a>\n            <\/div>\n                    <\/div>\n    <\/div>\n<\/section>\n\n\n<section class=\"recursos mt-0\" style=\"--bg-color: var(--purple-color);\">\n    <div class=\"container\">\n        <div class=\"row gx-0\">\n            <div class=\"recursos__content col-lg-6 col-xl-4\">\n                <div class=\"vstack h-100\">\n                    <h2 class=\"recursos__title title p-0\">Apoyos:<\/h2>\n                    <p class=\"recursos__caption caption\">Recursos y programas espec\u00edficos del gobierno u otras organizaciones locales o nacionales.<\/p>\n                <\/div>\n            <\/div>\n            \n                                    <div class=\"col-lg-6 col-xl-4\">\n                <a class=\"recursos__item h-100\" href=\"https:\/\/www.sescrio.org.br\/mulheres-plurais\/\" target=\"blank\" title=\"SESC Mulheres Plurais\">\n                    <div class=\"recursos__item-header\">\n                        <img decoding=\"async\" src=\"https:\/\/mulherescomimpacto.com\/wp-content\/uploads\/2023\/10\/sesc-logo-F184943794-seeklogo.com-2.png\" alt=\"SESC Mulheres Plurais\" loading=\"lazy\">\n                    <\/div>\n                    <h3 class=\"text-uppercase my-4\">SESC Mulheres Plurais<\/h3>\n                    <div class=\"caption\">\n                        El proyecto tiene como objetivo comprender las diversas representaciones feministas a trav\u00e9s de varios recursos y eventos &#8211; SESC\/RJ.                    <\/div>\n                <\/a>\n            <\/div>\n                                    <div class=\"col-lg-6 col-xl-4\">\n                <a class=\"recursos__item h-100\" href=\"http:\/\/www.asplande.org.br\/programas-e-projetos\/programa-rede-cooperativa-de-mulheres-empreendedoras\/\" target=\"blank\" title=\"Red Cooperativa de Mujeres Emprendedoras.\">\n                    <div class=\"recursos__item-header\">\n                        <img decoding=\"async\" src=\"https:\/\/mulherescomimpacto.com\/wp-content\/uploads\/2023\/10\/LOGO-ASPLANDE-perfil-2.jpg\" alt=\"Red Cooperativa de Mujeres Emprendedoras.\" loading=\"lazy\">\n                    <\/div>\n                    <h3 class=\"text-uppercase my-4\">Red Cooperativa de Mujeres Emprendedoras.<\/h3>\n                    <div class=\"caption\">\n                        Ofrece un conjunto de herramientas, programas y networking para mujeres emprendedoras.                    <\/div>\n                <\/a>\n            <\/div>\n                    <\/div>\n    <\/div>\n<\/section>\n","protected":false},"excerpt":{"rendered":"","protected":false},"author":1,"featured_media":0,"parent":0,"menu_order":0,"comment_status":"closed","ping_status":"closed","template":"","meta":{"inline_featured_image":false,"footnotes":""},"class_list":["post-327","page","type-page","status-publish","hentry"],"acf":[],"yoast_head":"<!-- This site is optimized with the Yoast SEO plugin v27.5 - https:\/\/yoast.com\/product\/yoast-seo-wordpress\/ -->\n<title>Rio de Janeiro - Mulheres com Impacto<\/title>\n<meta name=\"robots\" content=\"index, follow, max-snippet:-1, max-image-preview:large, max-video-preview:-1\" \/>\n<link rel=\"canonical\" href=\"https:\/\/mulherescomimpacto.com\/es\/rio-de-janeiro\/\" \/>\n<meta property=\"og:locale\" content=\"es_ES\" \/>\n<meta property=\"og:type\" content=\"article\" \/>\n<meta property=\"og:title\" content=\"Rio de Janeiro - Mulheres com Impacto\" \/>\n<meta property=\"og:url\" content=\"https:\/\/mulherescomimpacto.com\/es\/rio-de-janeiro\/\" \/>\n<meta property=\"og:site_name\" content=\"Mulheres com Impacto\" \/>\n<meta property=\"article:modified_time\" content=\"2024-02-09T11:36:51+00:00\" \/>\n<meta property=\"og:image\" content=\"https:\/\/mulherescomimpacto.com\/wp-content\/uploads\/2023\/06\/SEO-home-image-1.png\" \/>\n\t<meta property=\"og:image:width\" content=\"2400\" \/>\n\t<meta property=\"og:image:height\" content=\"1350\" \/>\n\t<meta property=\"og:image:type\" content=\"image\/png\" \/>\n<meta name=\"twitter:card\" content=\"summary_large_image\" \/>\n<script type=\"application\/ld+json\" class=\"yoast-schema-graph\">{\"@context\":\"https:\\\/\\\/schema.org\",\"@graph\":[{\"@type\":\"WebPage\",\"@id\":\"https:\\\/\\\/mulherescomimpacto.com\\\/es\\\/rio-de-janeiro\\\/\",\"url\":\"https:\\\/\\\/mulherescomimpacto.com\\\/es\\\/rio-de-janeiro\\\/\",\"name\":\"Rio de Janeiro - Mulheres com Impacto\",\"isPartOf\":{\"@id\":\"https:\\\/\\\/mulherescomimpacto.com\\\/es\\\/#website\"},\"datePublished\":\"2023-08-14T11:35:37+00:00\",\"dateModified\":\"2024-02-09T11:36:51+00:00\",\"breadcrumb\":{\"@id\":\"https:\\\/\\\/mulherescomimpacto.com\\\/es\\\/rio-de-janeiro\\\/#breadcrumb\"},\"inLanguage\":\"es\",\"potentialAction\":[{\"@type\":\"ReadAction\",\"target\":[\"https:\\\/\\\/mulherescomimpacto.com\\\/es\\\/rio-de-janeiro\\\/\"]}]},{\"@type\":\"BreadcrumbList\",\"@id\":\"https:\\\/\\\/mulherescomimpacto.com\\\/es\\\/rio-de-janeiro\\\/#breadcrumb\",\"itemListElement\":[{\"@type\":\"ListItem\",\"position\":1,\"name\":\"Home\",\"item\":\"https:\\\/\\\/mulherescomimpacto.com\\\/es\\\/\"},{\"@type\":\"ListItem\",\"position\":2,\"name\":\"Rio de Janeiro\"}]},{\"@type\":\"WebSite\",\"@id\":\"https:\\\/\\\/mulherescomimpacto.com\\\/es\\\/#website\",\"url\":\"https:\\\/\\\/mulherescomimpacto.com\\\/es\\\/\",\"name\":\"Mulheres com Impacto\",\"description\":\"Empreendedorismo Feminino entre cidades Ibero-Americanas\",\"publisher\":{\"@id\":\"https:\\\/\\\/mulherescomimpacto.com\\\/es\\\/#organization\"},\"potentialAction\":[{\"@type\":\"SearchAction\",\"target\":{\"@type\":\"EntryPoint\",\"urlTemplate\":\"https:\\\/\\\/mulherescomimpacto.com\\\/es\\\/?s={search_term_string}\"},\"query-input\":{\"@type\":\"PropertyValueSpecification\",\"valueRequired\":true,\"valueName\":\"search_term_string\"}}],\"inLanguage\":\"es\"},{\"@type\":\"Organization\",\"@id\":\"https:\\\/\\\/mulherescomimpacto.com\\\/es\\\/#organization\",\"name\":\"Mulheres com Impacto\",\"url\":\"https:\\\/\\\/mulherescomimpacto.com\\\/es\\\/\",\"logo\":{\"@type\":\"ImageObject\",\"inLanguage\":\"es\",\"@id\":\"https:\\\/\\\/mulherescomimpacto.com\\\/es\\\/#\\\/schema\\\/logo\\\/image\\\/\",\"url\":\"https:\\\/\\\/mulherescomimpacto.com\\\/wp-content\\\/uploads\\\/2023\\\/06\\\/Mulheres-com-impacto-logo-yellow.svg\",\"contentUrl\":\"https:\\\/\\\/mulherescomimpacto.com\\\/wp-content\\\/uploads\\\/2023\\\/06\\\/Mulheres-com-impacto-logo-yellow.svg\",\"width\":219,\"height\":118,\"caption\":\"Mulheres com Impacto\"},\"image\":{\"@id\":\"https:\\\/\\\/mulherescomimpacto.com\\\/es\\\/#\\\/schema\\\/logo\\\/image\\\/\"}}]}<\/script>\n<!-- \/ Yoast SEO plugin. -->","yoast_head_json":{"title":"Rio de Janeiro - Mulheres com Impacto","robots":{"index":"index","follow":"follow","max-snippet":"max-snippet:-1","max-image-preview":"max-image-preview:large","max-video-preview":"max-video-preview:-1"},"canonical":"https:\/\/mulherescomimpacto.com\/es\/rio-de-janeiro\/","og_locale":"es_ES","og_type":"article","og_title":"Rio de Janeiro - Mulheres com Impacto","og_url":"https:\/\/mulherescomimpacto.com\/es\/rio-de-janeiro\/","og_site_name":"Mulheres com Impacto","article_modified_time":"2024-02-09T11:36:51+00:00","og_image":[{"width":2400,"height":1350,"url":"https:\/\/mulherescomimpacto.com\/wp-content\/uploads\/2023\/06\/SEO-home-image-1.png","type":"image\/png"}],"twitter_card":"summary_large_image","schema":{"@context":"https:\/\/schema.org","@graph":[{"@type":"WebPage","@id":"https:\/\/mulherescomimpacto.com\/es\/rio-de-janeiro\/","url":"https:\/\/mulherescomimpacto.com\/es\/rio-de-janeiro\/","name":"Rio de Janeiro - Mulheres com Impacto","isPartOf":{"@id":"https:\/\/mulherescomimpacto.com\/es\/#website"},"datePublished":"2023-08-14T11:35:37+00:00","dateModified":"2024-02-09T11:36:51+00:00","breadcrumb":{"@id":"https:\/\/mulherescomimpacto.com\/es\/rio-de-janeiro\/#breadcrumb"},"inLanguage":"es","potentialAction":[{"@type":"ReadAction","target":["https:\/\/mulherescomimpacto.com\/es\/rio-de-janeiro\/"]}]},{"@type":"BreadcrumbList","@id":"https:\/\/mulherescomimpacto.com\/es\/rio-de-janeiro\/#breadcrumb","itemListElement":[{"@type":"ListItem","position":1,"name":"Home","item":"https:\/\/mulherescomimpacto.com\/es\/"},{"@type":"ListItem","position":2,"name":"Rio de Janeiro"}]},{"@type":"WebSite","@id":"https:\/\/mulherescomimpacto.com\/es\/#website","url":"https:\/\/mulherescomimpacto.com\/es\/","name":"Mulheres com Impacto","description":"Empreendedorismo Feminino entre cidades Ibero-Americanas","publisher":{"@id":"https:\/\/mulherescomimpacto.com\/es\/#organization"},"potentialAction":[{"@type":"SearchAction","target":{"@type":"EntryPoint","urlTemplate":"https:\/\/mulherescomimpacto.com\/es\/?s={search_term_string}"},"query-input":{"@type":"PropertyValueSpecification","valueRequired":true,"valueName":"search_term_string"}}],"inLanguage":"es"},{"@type":"Organization","@id":"https:\/\/mulherescomimpacto.com\/es\/#organization","name":"Mulheres com Impacto","url":"https:\/\/mulherescomimpacto.com\/es\/","logo":{"@type":"ImageObject","inLanguage":"es","@id":"https:\/\/mulherescomimpacto.com\/es\/#\/schema\/logo\/image\/","url":"https:\/\/mulherescomimpacto.com\/wp-content\/uploads\/2023\/06\/Mulheres-com-impacto-logo-yellow.svg","contentUrl":"https:\/\/mulherescomimpacto.com\/wp-content\/uploads\/2023\/06\/Mulheres-com-impacto-logo-yellow.svg","width":219,"height":118,"caption":"Mulheres com Impacto"},"image":{"@id":"https:\/\/mulherescomimpacto.com\/es\/#\/schema\/logo\/image\/"}}]}},"_links":{"self":[{"href":"https:\/\/mulherescomimpacto.com\/es\/wp-json\/wp\/v2\/pages\/327","targetHints":{"allow":["GET"]}}],"collection":[{"href":"https:\/\/mulherescomimpacto.com\/es\/wp-json\/wp\/v2\/pages"}],"about":[{"href":"https:\/\/mulherescomimpacto.com\/es\/wp-json\/wp\/v2\/types\/page"}],"author":[{"embeddable":true,"href":"https:\/\/mulherescomimpacto.com\/es\/wp-json\/wp\/v2\/users\/1"}],"replies":[{"embeddable":true,"href":"https:\/\/mulherescomimpacto.com\/es\/wp-json\/wp\/v2\/comments?post=327"}],"version-history":[{"count":4,"href":"https:\/\/mulherescomimpacto.com\/es\/wp-json\/wp\/v2\/pages\/327\/revisions"}],"predecessor-version":[{"id":659,"href":"https:\/\/mulherescomimpacto.com\/es\/wp-json\/wp\/v2\/pages\/327\/revisions\/659"}],"wp:attachment":[{"href":"https:\/\/mulherescomimpacto.com\/es\/wp-json\/wp\/v2\/media?parent=327"}],"curies":[{"name":"wp","href":"https:\/\/api.w.org\/{rel}","templated":true}]}}