{"id":333,"date":"2023-08-14T11:35:46","date_gmt":"2023-08-14T11:35:46","guid":{"rendered":"https:\/\/mulherescomimpacto.com\/?page_id=333"},"modified":"2024-02-09T11:52:43","modified_gmt":"2024-02-09T11:52:43","slug":"sao-paulo","status":"publish","type":"page","link":"https:\/\/mulherescomimpacto.com\/es\/sao-paulo\/","title":{"rendered":"S\u00e3o Paulo"},"content":{"rendered":"\n<section class=\"home-hero\">\n    <div class=\"container\">\n    <div class=\"row\">\n        <div class=\"col-xl-7 pe-xl-0\">\n            <h2 class=\"home-hero__title title mb-4 mb-xl-2\">Recursos de apoyo para el emprendimiento femenino en S\u00e3o Paulo<\/h2>\n        <\/div>\n\n        <div class=\"col-xl-5 ms-xl-auto\">\n            <p class=\"home-hero__caption caption mb-4\">En el \u00edndice Women Entrepreneur Cities, S\u00e3o Paulo es la \u00fanica ciudad de Brasil que figura en el ranking mundial, ocupando la posici\u00f3n 51, mientras que el Estado de S\u00e3o Paulo alcanz\u00f3 un r\u00e9cord de 2,47 millones de mujeres emprendedoras.<\/p>\n                    <\/div>\n    <\/div>\n\n    <div class=\"home-hero__img\" aria-hidden=\"true\"><\/div><\/div>\n<\/section>\n\n<section class=\"recursos mt-0\" style=\"--bg-color: var(--light-brown-color);\">\n    <div class=\"container\">\n        <div class=\"row gx-0 has-four-items\">\n            <div class=\"recursos__content col-lg-6 col-xl-4\">\n                <div class=\"vstack h-100\">\n                    <h2 class=\"recursos__title title p-0\"> Educaci\u00f3n y Formaci\u00f3n:<\/h2>\n                    <p class=\"recursos__caption caption\">Recursos espec\u00edficos y programas relevantes que proporcionan formaci\u00f3n, educaci\u00f3n y capacitaci\u00f3n para mujeres emprendedoras y sus ideas, negocios y proyectos en fase inicial.<\/p>\n                <\/div>\n            <\/div>\n            \n                                    <div class=\"col-lg-6 col-xl-4\">\n                <a class=\"recursos__item h-100\" href=\"https:\/\/contato.sebraesp.com.br\/sebraedelas\/\" target=\"blank\" title=\"Programa SEBRAE Delas\">\n                    <div class=\"recursos__item-header\">\n                        <img decoding=\"async\" src=\"https:\/\/mulherescomimpacto.com\/wp-content\/uploads\/2023\/10\/image-11.png\" alt=\"Programa SEBRAE Delas\" loading=\"lazy\">\n                    <\/div>\n                    <h3 class=\"text-uppercase my-4\">Programa SEBRAE Delas<\/h3>\n                    <div class=\"caption\">\n                        Programa de aceleraci\u00f3n con el objetivo de aumentar la probabilidad de \u00e9xito de ideas y negocios liderados por mujeres.                    <\/div>\n                <\/a>\n            <\/div>\n                                    <div class=\"col-lg-6 col-xl-4\">\n                <a class=\"recursos__item h-100\" href=\"https:\/\/www.instagram.com\/saltoaceleradora\/\" target=\"blank\" title=\"SALTO Aceleradora\">\n                    <div class=\"recursos__item-header\">\n                        <img decoding=\"async\" src=\"https:\/\/mulherescomimpacto.com\/wp-content\/uploads\/2023\/10\/image-12.png\" alt=\"SALTO Aceleradora\" loading=\"lazy\">\n                    <\/div>\n                    <h3 class=\"text-uppercase my-4\">SALTO Aceleradora<\/h3>\n                    <div class=\"caption\">\n                        Programa de capacitaci\u00f3n emprendedora y generaci\u00f3n de ingresos, con un ciclo de 10 semanas que abarca 3 grandes temas del \u00e1mbito empresarial: desarrollo personal, negocios, crecimiento y escala. Totalmente gratuito y en S\u00e3o Paulo tiene grupos exclusivos para mujeres negras de la periferia.                    <\/div>\n                <\/a>\n            <\/div>\n                                    <div class=\"col-lg-6 col-xl-4\">\n                <a class=\"recursos__item h-100\" href=\"https:\/\/www.afrolabdigital.com\/\" target=\"blank\" title=\"Afrolab Digital\">\n                    <div class=\"recursos__item-header\">\n                        <img decoding=\"async\" src=\"https:\/\/mulherescomimpacto.com\/wp-content\/uploads\/2023\/10\/logo-pretahub-p2.png\" alt=\"Afrolab Digital\" loading=\"lazy\">\n                    <\/div>\n                    <h3 class=\"text-uppercase my-4\">Afrolab Digital<\/h3>\n                    <div class=\"caption\">\n                        Programa que ofrece sesiones de mentor\u00eda, contenidos exclusivos en l\u00ednea y pr\u00e1cticas supervisadas y estructuradas en 5 etapas dedicadas a los temas de autoconocimiento, creatividad, negocio, prototipado y planificaci\u00f3n.                    <\/div>\n                <\/a>\n            <\/div>\n                                    <div class=\"col-lg-6 col-xl-4\">\n                <a class=\"recursos__item h-100\" href=\"https:\/\/tamojunto.aliancaempreendedora.org.br\/\" target=\"blank\" title=\"Tamo Junto\">\n                    <div class=\"recursos__item-header\">\n                        <img decoding=\"async\" src=\"https:\/\/mulherescomimpacto.com\/wp-content\/uploads\/2023\/10\/image-13.png\" alt=\"Tamo Junto\" loading=\"lazy\">\n                    <\/div>\n                    <h3 class=\"text-uppercase my-4\">Tamo Junto<\/h3>\n                    <div class=\"caption\">\n                        Plataforma que ofrece al microemprendedor brasile\u00f1o m\u00e1s oportunidades de crecimiento a trav\u00e9s de cursos en l\u00ednea, contenidos, herramientas de desarrollo y autoconocimiento. Es una iniciativa de la Alianza Emprendedora que democratiza el acceso a la informaci\u00f3n para peque\u00f1os negocios.                    <\/div>\n                <\/a>\n            <\/div>\n                    <\/div>\n    <\/div>\n<\/section>\n\n\n<section class=\"recursos mt-0\" style=\"--bg-color: var(--yellow-color);\">\n    <div class=\"container\">\n        <div class=\"row gx-0\">\n            <div class=\"recursos__content col-lg-6 col-xl-4\">\n                <div class=\"vstack h-100\">\n                    <h2 class=\"recursos__title title p-0\">Financiamiento:<\/h2>\n                    <p class=\"recursos__caption caption\">Recursos espec\u00edficos de programas de inversi\u00f3n y fondos dirigidos a negocios y proyectos emprendedores en diversas \u00e1reas de intervenci\u00f3n.<\/p>\n                <\/div>\n            <\/div>\n            \n                                    <div class=\"col-lg-6 col-xl-4\">\n                <a class=\"recursos__item h-100\" href=\"https:\/\/www.desenvolvesp.com.br\/empresas\/opcoes-de-credito\/credito-desenvolve-mulher\/\" target=\"blank\" title=\"Desenvolve Mulher\">\n                    <div class=\"recursos__item-header\">\n                        <img decoding=\"async\" src=\"https:\/\/mulherescomimpacto.com\/wp-content\/uploads\/2023\/10\/image-14.png\" alt=\"Desenvolve Mulher\" loading=\"lazy\">\n                    <\/div>\n                    <h3 class=\"text-uppercase my-4\">Desenvolve Mulher<\/h3>\n                    <div class=\"caption\">\n                        L\u00ednea de cr\u00e9dito para micro y peque\u00f1as empresas dirigidas por mujeres, con montos de hasta R$200 mil. Adem\u00e1s, en el caso de la liberaci\u00f3n de financiamiento para la compra de equipos o la renovaci\u00f3n del comercio, por ejemplo, el 30% de estos recursos pueden ser destinados al capital de trabajo para impulsar el negocio.                    <\/div>\n                <\/a>\n            <\/div>\n                                    <div class=\"col-lg-6 col-xl-4\">\n                <a class=\"recursos__item h-100\" href=\"https:\/\/www.desenvolvimentoeconomico.sp.gov.br\/programas\/empreendamulher\/\" target=\"blank\" title=\"Empreenda Mulher\">\n                    <div class=\"recursos__item-header\">\n                        <img decoding=\"async\" src=\"https:\/\/mulherescomimpacto.com\/wp-content\/uploads\/2023\/10\/image-15.png\" alt=\"Empreenda Mulher\" loading=\"lazy\">\n                    <\/div>\n                    <h3 class=\"text-uppercase my-4\">Empreenda Mulher<\/h3>\n                    <div class=\"caption\">\n                        L\u00ednea espec\u00edfica del Banco do Povo para apoyar a las mujeres emprendedoras. Para acceder al microcr\u00e9dito, es necesario completar uno de los cursos de capacitaci\u00f3n seleccionados en el programa Empreenda Mulher y ofrecidos por los socios Sebrae-SP y Alianza Emprendedora.                    <\/div>\n                <\/a>\n            <\/div>\n                        <div class=\"col-lg-6 col-xl-4 d-none d-xl-block\" aria-hidden=\"true\"><\/div>            <div class=\"col-lg-6 col-xl-4\">\n                <a class=\"recursos__item h-100\" href=\"\" target=\"blank\" title=\"Caixa Pra Elas\">\n                    <div class=\"recursos__item-header\">\n                        <img decoding=\"async\" src=\"https:\/\/mulherescomimpacto.com\/wp-content\/uploads\/2023\/10\/transferir-7-1.png\" alt=\"Caixa Pra Elas\" loading=\"lazy\">\n                    <\/div>\n                    <h3 class=\"text-uppercase my-4\">Caixa Pra Elas<\/h3>\n                    <div class=\"caption\">\n                        Programa de apoyo al emprendimiento femenino para ayudar a mejorar y expandir su negocio.                    <\/div>\n                <\/a>\n            <\/div>\n                    <\/div>\n    <\/div>\n<\/section>\n","protected":false},"excerpt":{"rendered":"","protected":false},"author":1,"featured_media":0,"parent":0,"menu_order":0,"comment_status":"closed","ping_status":"closed","template":"","meta":{"inline_featured_image":false,"footnotes":""},"class_list":["post-333","page","type-page","status-publish","hentry"],"acf":[],"yoast_head":"<!-- This site is optimized with the Yoast SEO plugin v27.5 - https:\/\/yoast.com\/product\/yoast-seo-wordpress\/ -->\n<title>S\u00e3o Paulo - Mulheres com Impacto<\/title>\n<meta name=\"robots\" content=\"index, follow, max-snippet:-1, max-image-preview:large, max-video-preview:-1\" \/>\n<link rel=\"canonical\" href=\"https:\/\/mulherescomimpacto.com\/es\/sao-paulo\/\" \/>\n<meta property=\"og:locale\" content=\"es_ES\" \/>\n<meta property=\"og:type\" content=\"article\" \/>\n<meta property=\"og:title\" content=\"S\u00e3o Paulo - Mulheres com Impacto\" \/>\n<meta property=\"og:url\" content=\"https:\/\/mulherescomimpacto.com\/es\/sao-paulo\/\" \/>\n<meta property=\"og:site_name\" content=\"Mulheres com Impacto\" \/>\n<meta property=\"article:modified_time\" content=\"2024-02-09T11:52:43+00:00\" \/>\n<meta property=\"og:image\" content=\"https:\/\/mulherescomimpacto.com\/wp-content\/uploads\/2023\/06\/SEO-home-image-1.png\" \/>\n\t<meta property=\"og:image:width\" content=\"2400\" \/>\n\t<meta property=\"og:image:height\" content=\"1350\" \/>\n\t<meta property=\"og:image:type\" content=\"image\/png\" \/>\n<meta name=\"twitter:card\" content=\"summary_large_image\" \/>\n<script type=\"application\/ld+json\" class=\"yoast-schema-graph\">{\"@context\":\"https:\\\/\\\/schema.org\",\"@graph\":[{\"@type\":\"WebPage\",\"@id\":\"https:\\\/\\\/mulherescomimpacto.com\\\/es\\\/sao-paulo\\\/\",\"url\":\"https:\\\/\\\/mulherescomimpacto.com\\\/es\\\/sao-paulo\\\/\",\"name\":\"S\u00e3o Paulo - Mulheres com Impacto\",\"isPartOf\":{\"@id\":\"https:\\\/\\\/mulherescomimpacto.com\\\/es\\\/#website\"},\"datePublished\":\"2023-08-14T11:35:46+00:00\",\"dateModified\":\"2024-02-09T11:52:43+00:00\",\"breadcrumb\":{\"@id\":\"https:\\\/\\\/mulherescomimpacto.com\\\/es\\\/sao-paulo\\\/#breadcrumb\"},\"inLanguage\":\"es\",\"potentialAction\":[{\"@type\":\"ReadAction\",\"target\":[\"https:\\\/\\\/mulherescomimpacto.com\\\/es\\\/sao-paulo\\\/\"]}]},{\"@type\":\"BreadcrumbList\",\"@id\":\"https:\\\/\\\/mulherescomimpacto.com\\\/es\\\/sao-paulo\\\/#breadcrumb\",\"itemListElement\":[{\"@type\":\"ListItem\",\"position\":1,\"name\":\"Home\",\"item\":\"https:\\\/\\\/mulherescomimpacto.com\\\/es\\\/\"},{\"@type\":\"ListItem\",\"position\":2,\"name\":\"S\u00e3o Paulo\"}]},{\"@type\":\"WebSite\",\"@id\":\"https:\\\/\\\/mulherescomimpacto.com\\\/es\\\/#website\",\"url\":\"https:\\\/\\\/mulherescomimpacto.com\\\/es\\\/\",\"name\":\"Mulheres com Impacto\",\"description\":\"Empreendedorismo Feminino entre cidades Ibero-Americanas\",\"publisher\":{\"@id\":\"https:\\\/\\\/mulherescomimpacto.com\\\/es\\\/#organization\"},\"potentialAction\":[{\"@type\":\"SearchAction\",\"target\":{\"@type\":\"EntryPoint\",\"urlTemplate\":\"https:\\\/\\\/mulherescomimpacto.com\\\/es\\\/?s={search_term_string}\"},\"query-input\":{\"@type\":\"PropertyValueSpecification\",\"valueRequired\":true,\"valueName\":\"search_term_string\"}}],\"inLanguage\":\"es\"},{\"@type\":\"Organization\",\"@id\":\"https:\\\/\\\/mulherescomimpacto.com\\\/es\\\/#organization\",\"name\":\"Mulheres com Impacto\",\"url\":\"https:\\\/\\\/mulherescomimpacto.com\\\/es\\\/\",\"logo\":{\"@type\":\"ImageObject\",\"inLanguage\":\"es\",\"@id\":\"https:\\\/\\\/mulherescomimpacto.com\\\/es\\\/#\\\/schema\\\/logo\\\/image\\\/\",\"url\":\"https:\\\/\\\/mulherescomimpacto.com\\\/wp-content\\\/uploads\\\/2023\\\/06\\\/Mulheres-com-impacto-logo-yellow.svg\",\"contentUrl\":\"https:\\\/\\\/mulherescomimpacto.com\\\/wp-content\\\/uploads\\\/2023\\\/06\\\/Mulheres-com-impacto-logo-yellow.svg\",\"width\":219,\"height\":118,\"caption\":\"Mulheres com Impacto\"},\"image\":{\"@id\":\"https:\\\/\\\/mulherescomimpacto.com\\\/es\\\/#\\\/schema\\\/logo\\\/image\\\/\"}}]}<\/script>\n<!-- \/ Yoast SEO plugin. -->","yoast_head_json":{"title":"S\u00e3o Paulo - Mulheres com Impacto","robots":{"index":"index","follow":"follow","max-snippet":"max-snippet:-1","max-image-preview":"max-image-preview:large","max-video-preview":"max-video-preview:-1"},"canonical":"https:\/\/mulherescomimpacto.com\/es\/sao-paulo\/","og_locale":"es_ES","og_type":"article","og_title":"S\u00e3o Paulo - Mulheres com Impacto","og_url":"https:\/\/mulherescomimpacto.com\/es\/sao-paulo\/","og_site_name":"Mulheres com Impacto","article_modified_time":"2024-02-09T11:52:43+00:00","og_image":[{"width":2400,"height":1350,"url":"https:\/\/mulherescomimpacto.com\/wp-content\/uploads\/2023\/06\/SEO-home-image-1.png","type":"image\/png"}],"twitter_card":"summary_large_image","schema":{"@context":"https:\/\/schema.org","@graph":[{"@type":"WebPage","@id":"https:\/\/mulherescomimpacto.com\/es\/sao-paulo\/","url":"https:\/\/mulherescomimpacto.com\/es\/sao-paulo\/","name":"S\u00e3o Paulo - Mulheres com Impacto","isPartOf":{"@id":"https:\/\/mulherescomimpacto.com\/es\/#website"},"datePublished":"2023-08-14T11:35:46+00:00","dateModified":"2024-02-09T11:52:43+00:00","breadcrumb":{"@id":"https:\/\/mulherescomimpacto.com\/es\/sao-paulo\/#breadcrumb"},"inLanguage":"es","potentialAction":[{"@type":"ReadAction","target":["https:\/\/mulherescomimpacto.com\/es\/sao-paulo\/"]}]},{"@type":"BreadcrumbList","@id":"https:\/\/mulherescomimpacto.com\/es\/sao-paulo\/#breadcrumb","itemListElement":[{"@type":"ListItem","position":1,"name":"Home","item":"https:\/\/mulherescomimpacto.com\/es\/"},{"@type":"ListItem","position":2,"name":"S\u00e3o Paulo"}]},{"@type":"WebSite","@id":"https:\/\/mulherescomimpacto.com\/es\/#website","url":"https:\/\/mulherescomimpacto.com\/es\/","name":"Mulheres com Impacto","description":"Empreendedorismo Feminino entre cidades Ibero-Americanas","publisher":{"@id":"https:\/\/mulherescomimpacto.com\/es\/#organization"},"potentialAction":[{"@type":"SearchAction","target":{"@type":"EntryPoint","urlTemplate":"https:\/\/mulherescomimpacto.com\/es\/?s={search_term_string}"},"query-input":{"@type":"PropertyValueSpecification","valueRequired":true,"valueName":"search_term_string"}}],"inLanguage":"es"},{"@type":"Organization","@id":"https:\/\/mulherescomimpacto.com\/es\/#organization","name":"Mulheres com Impacto","url":"https:\/\/mulherescomimpacto.com\/es\/","logo":{"@type":"ImageObject","inLanguage":"es","@id":"https:\/\/mulherescomimpacto.com\/es\/#\/schema\/logo\/image\/","url":"https:\/\/mulherescomimpacto.com\/wp-content\/uploads\/2023\/06\/Mulheres-com-impacto-logo-yellow.svg","contentUrl":"https:\/\/mulherescomimpacto.com\/wp-content\/uploads\/2023\/06\/Mulheres-com-impacto-logo-yellow.svg","width":219,"height":118,"caption":"Mulheres com Impacto"},"image":{"@id":"https:\/\/mulherescomimpacto.com\/es\/#\/schema\/logo\/image\/"}}]}},"_links":{"self":[{"href":"https:\/\/mulherescomimpacto.com\/es\/wp-json\/wp\/v2\/pages\/333","targetHints":{"allow":["GET"]}}],"collection":[{"href":"https:\/\/mulherescomimpacto.com\/es\/wp-json\/wp\/v2\/pages"}],"about":[{"href":"https:\/\/mulherescomimpacto.com\/es\/wp-json\/wp\/v2\/types\/page"}],"author":[{"embeddable":true,"href":"https:\/\/mulherescomimpacto.com\/es\/wp-json\/wp\/v2\/users\/1"}],"replies":[{"embeddable":true,"href":"https:\/\/mulherescomimpacto.com\/es\/wp-json\/wp\/v2\/comments?post=333"}],"version-history":[{"count":4,"href":"https:\/\/mulherescomimpacto.com\/es\/wp-json\/wp\/v2\/pages\/333\/revisions"}],"predecessor-version":[{"id":664,"href":"https:\/\/mulherescomimpacto.com\/es\/wp-json\/wp\/v2\/pages\/333\/revisions\/664"}],"wp:attachment":[{"href":"https:\/\/mulherescomimpacto.com\/es\/wp-json\/wp\/v2\/media?parent=333"}],"curies":[{"name":"wp","href":"https:\/\/api.w.org\/{rel}","templated":true}]}}